{"id":994,"date":"2023-04-17T09:44:37","date_gmt":"2023-04-17T09:44:37","guid":{"rendered":"https:\/\/pactoeducativoglobal.fundacion-sm.org\/sobre-el-pacto-educativo-global\/"},"modified":"2024-02-21T15:42:34","modified_gmt":"2024-02-21T15:42:34","slug":"sobre-o-pacto-educativo-global","status":"publish","type":"page","link":"https:\/\/pactoeducativoglobal.fundacion-sm.org\/pt-br\/sobre-o-pacto-educativo-global\/","title":{"rendered":"Sobre o Pacto Educativo Global"},"content":{"rendered":"\t\t<div data-elementor-type=\"wp-page\" data-elementor-id=\"994\" class=\"elementor elementor-994 elementor-27\" data-elementor-post-type=\"page\">\n\t\t\t\t\t\t<section class=\"elementor-section elementor-top-section elementor-element elementor-element-01afbe4 elementor-section-full_width elementor-section-height-default elementor-section-height-default\" data-id=\"01afbe4\" data-element_type=\"section\">\n\t\t\t\t\t\t<div class=\"elementor-container elementor-column-gap-default\">\n\t\t\t\t\t<div class=\"elementor-column elementor-col-100 elementor-top-column elementor-element elementor-element-1d4d2b3\" data-id=\"1d4d2b3\" data-element_type=\"column\">\n\t\t\t<div class=\"elementor-widget-wrap elementor-element-populated\">\n\t\t\t\t\t\t<div class=\"elementor-element elementor-element-f55ca0f elementor-widget elementor-widget-bloque-cabecera-menu\" data-id=\"f55ca0f\" data-element_type=\"widget\" data-widget_type=\"bloque-cabecera-menu.default\">\n\t\t\t\t<div class=\"elementor-widget-container\">\n\t\t\t\t\t<header class=\"header normal\">\n    <div id=\"sticky_header\" class=\"no-sticky\">\n        <div class=\"container\">\n            <div class=\"row\">\n                <div class=\"col-12 d-flex justify-content-between align-items-end\">\n                    <div class=\"logo \">\n                        <a href=\"https:\/\/pactoeducativoglobal.fundacion-sm.org\/pt-br\/\" class=\"custom-logo-link\" rel=\"home\"><img decoding=\"async\" src=\"https:\/\/pactoeducativoglobal.fundacion-sm.org\/wp-content\/uploads\/sites\/11\/2023\/11\/logotipo.svg\" class=\"custom-logo\" alt=\"Pacto Educativo Global\" \/><\/a>                    <\/div>\n                    <div class=\"menu-header\">\n                                                <div id=\"nav-menu\" data-target=\"#main_menu\" data-toggle=\"collapse\" class=\"navbar-toggle openMenu\">\n                          <span><\/span>\n                          <span><\/span>\n                          <span><\/span>\n                          <span><\/span>\n                        <\/div>\n                        \n                                                    <!-- MEGAMENU -->\n                            <div class=\"megamenu\">\n                                <div class=\"container\">\n                                    <div id=\"cerrarmenu\" class=\"boton-cerrar\"><i class=\"fal fa-times\"><\/i><\/div>\n                                    <ul id=\"menu-principal-pt-br\" class=\"list-group list-group-horizontal\" itemscope itemtype=\"http:\/\/www.schema.org\/SiteNavigationElement\"><li  id=\"menu-item-1009\" class=\"menu-item menu-item-type-post_type menu-item-object-page menu-item-1009 nav-item\"><a itemprop=\"url\" href=\"https:\/\/pactoeducativoglobal.fundacion-sm.org\/pt-br\/sobre-o-pacto-educativo-global\/\" class=\"nav-link\"><span itemprop=\"name\">Sobre o Pacto Educativo Global<\/span><\/a><\/li>\n<li  id=\"menu-item-1010\" class=\"menu-item menu-item-type-post_type menu-item-object-page menu-item-1010 nav-item\"><a itemprop=\"url\" href=\"https:\/\/pactoeducativoglobal.fundacion-sm.org\/pt-br\/sm-pacto-global-educacao\/\" class=\"nav-link\"><span itemprop=\"name\">A SM e o Pacto<\/span><\/a><\/li>\n<li  id=\"menu-item-1011\" class=\"menu-item menu-item-type-post_type menu-item-object-page menu-item-1011 nav-item\"><a itemprop=\"url\" href=\"https:\/\/pactoeducativoglobal.fundacion-sm.org\/pt-br\/itinerario-materiais-peg\/\" class=\"nav-link\"><span itemprop=\"name\">Itiner\u00e1rio e materiais<\/span><\/a><\/li>\n<li  id=\"menu-item-1012\" class=\"menu-item menu-item-type-post_type menu-item-object-page menu-item-1012 nav-item\"><a itemprop=\"url\" href=\"https:\/\/pactoeducativoglobal.fundacion-sm.org\/pt-br\/contato\/\" class=\"nav-link\"><span itemprop=\"name\">Contato<\/span><\/a><\/li>\n<li  id=\"menu-item-wpml-ls-3-es\" class=\"menu-item wpml-ls-slot-3 wpml-ls-item wpml-ls-item-es wpml-ls-menu-item wpml-ls-first-item wpml-ls-last-item menu-item-type-wpml_ls_menu_item menu-item-object-wpml_ls_menu_item menu-item-wpml-ls-3-es nav-item\"><a title=\"Mudar para Espa\u00f1ol\" itemprop=\"url\" href=\"https:\/\/pactoeducativoglobal.fundacion-sm.org\/\" class=\"nav-link\" aria-label=\"Mudar para Espa\u00f1ol\" role=\"menuitem\"><span itemprop=\"name\"><span class=\"wpml-ls-native\" lang=\"es\">Espa\u00f1ol<\/span><\/span><\/a><\/li>\n<\/ul>                                <\/div>\n                            <\/div>\n                        \n                        \n                                                \n<div class=\"wpml-ls-statics-shortcode_actions wpml-ls wpml-ls-legacy-list-horizontal\">\n\t<ul role=\"menu\"><li class=\"wpml-ls-slot-shortcode_actions wpml-ls-item wpml-ls-item-es wpml-ls-first-item wpml-ls-last-item wpml-ls-item-legacy-list-horizontal\" role=\"none\">\n\t\t\t\t<a href=\"https:\/\/pactoeducativoglobal.fundacion-sm.org\/\" class=\"wpml-ls-link\" role=\"menuitem\"  aria-label=\"Mudar para Espa\u00f1ol\" title=\"Mudar para Espa\u00f1ol\" >\n                    <span class=\"wpml-ls-native\" lang=\"es\">Espa\u00f1ol<\/span><\/a>\n\t\t\t<\/li><\/ul>\n<\/div>\n                    <\/div>\n                <\/div>\n            <\/div>    \n        <\/div>\n            <\/div>\n<\/header>\t\t\t\t<\/div>\n\t\t\t\t<\/div>\n\t\t\t\t<div class=\"elementor-element elementor-element-96ef6ff elementor-widget elementor-widget-bloque-cabecera-imagen\" data-id=\"96ef6ff\" data-element_type=\"widget\" data-widget_type=\"bloque-cabecera-imagen.default\">\n\t\t\t\t<div class=\"elementor-widget-container\">\n\t\t\t\t\t<!-- Cabecera con imagen -->\n<div class=\"ruta-de-migas\">\n    <div class=\"container\">\n        <div data-aos=\"fade-right\" data-aos-duration=\"700\"><ol class=\"breadcrumb\"><li><a href=\"https:\/\/pactoeducativoglobal.fundacion-sm.org\/pt-br\/\">Inicio<\/a><\/li><\/ol><\/div>    <\/div>\n<\/div>\n<section data-aos=\"fade-down\" data-aos-duration=\"700\" class=\"bloque bloque-encabezado-pagina \">\n    <div class=\"background\" style=\"background-image: url(https:\/\/pactoeducativoglobal.fundacion-sm.org\/wp-content\/uploads\/sites\/11\/2023\/11\/encabezado-sobre-el-peg.jpg);\"><\/div>\n    <div class=\"container\">\n        <div class=\"row justify-content-center\">\n            <div class=\"col-12 col-sm-12 col-lg-10\">\n                <div class=\"datos text-center\">\n                    <h1 class=\"titulos\">Sobre o Pacto Educativo Global<\/h1>                                    <\/div>\n            <\/div>\n        <\/div>\n    <\/div>\n<\/section>\t\t\t\t<\/div>\n\t\t\t\t<\/div>\n\t\t\t\t<div class=\"elementor-element elementor-element-7171b37 elementor-widget elementor-widget-bloque-texto\" data-id=\"7171b37\" data-element_type=\"widget\" data-widget_type=\"bloque-texto.default\">\n\t\t\t\t<div class=\"elementor-widget-container\">\n\t\t\t\t\t<!-- Texto -->\n<section class=\"bloque bloque-texto  \">\n    <div class=\"container\">\n        <div class=\"row justify-content-center\">\n            <div class=\"col-12 col-md-8\">\n                                <div class=\"the_content\" data-aos=\"fade-up\" data-aos-duration=\"700\">\n                    <p>Em setembro de 2019, o <strong>Papa Francisco<\/strong> fez um convite para aderir a um <strong>\u201cPacto Educativo Global\u201d (PEG)<\/strong>, uma ampla alian\u00e7a educacional para \u201cformar pessoas maduras, capazes de superar fragmenta\u00e7\u00f5es e contraposi\u00e7\u00f5es e reconstruir o tecido das rela\u00e7\u00f5es para uma humanidade mais fraterna\u201d.<\/p>\n<p>Na <strong>SM<\/strong>, aderimos ao Pacto, oferecemos materiais e recursos para constru\u00ed-lo e nos propomos a ser companheiros de viagem.<\/p>\n<p>Para a <strong>SM<\/strong>, o Pacto Educativo Global \u00e9 um caminho privilegiado para cuidar da escola. E um caminho que n\u00e3o podemos percorrer sozinhos, mas com outros, juntos. Porque Juntos cuidamos da educa\u00e7\u00e3o.<\/p>\n<p>Fazemos um Pacto?<\/p>\n                <\/div>\n            <\/div>\n        <\/div>\n    <\/div>\n<\/section>\t\t\t\t<\/div>\n\t\t\t\t<\/div>\n\t\t\t\t<div class=\"elementor-element elementor-element-f97567a elementor-widget elementor-widget-bloque-listado\" data-id=\"f97567a\" data-element_type=\"widget\" data-widget_type=\"bloque-listado.default\">\n\t\t\t\t<div class=\"elementor-widget-container\">\n\t\t\t\t\t<!-- bloque listado -->\n<section class=\"bloque bloque-texto-en-columnas  \" style=\"background-image:url();\">\n            <div class=\"container\">\n            <div class=\"row justify-content-center\">\n                <div class=\"col-12 col-sm-12 col-lg-10\">\n                    <h2 class=\"titulos text-center\" data-aos=\"fade-left\" data-aos-duration=\"700\">O Pacto Educativo Global \u00e9...<\/h2>                <\/div>\n            <\/div>\n                    <div class=\"row justify-content-center\">\n                <div class=\"col-12 col-sm-12 col-lg-10\">      \n                                            <ul class=\"list-group list-group-horizontal row\">\n                                                            <li class=\"list-group-item col-12 col-sm-6 col-md-4\" data-aos=\"fade-up\" data-aos-delay=\"100\" data-aos-duration=\"700\">\n                                                                        <img decoding=\"async\" src=\"https:\/\/pactoeducativoglobal.fundacion-sm.org\/wp-content\/uploads\/sites\/11\/2023\/11\/ico-compromiso.png\" srcset=\"https:\/\/pactoeducativoglobal.fundacion-sm.org\/wp-content\/uploads\/sites\/11\/2023\/11\/ico-compromiso.png 240w, https:\/\/pactoeducativoglobal.fundacion-sm.org\/wp-content\/uploads\/sites\/11\/2023\/11\/ico-compromiso-150x150.png 150w\" data-aos=\"flip-left\" data-aos-delay=\"200\" data-aos-duration=\"700\" class=\"icono \" alt=\"Icono representativo de compromiso.\">\n                                                                        <h3 class=\"subtitulos\">Compromisso<\/h3>\n                                    <div class=\"the_content\">\n                                        <p>O Pacto Educativo Global \u00e9 um convite para <strong>reavivar o compromisso<\/strong> para e com as jovens gera\u00e7\u00f5es, renovando a paix\u00e3o por uma educa\u00e7\u00e3o mais aberta e inclusiva.<\/p>\n                                                                            <\/div>\n                                <\/li>\n                                                            <li class=\"list-group-item col-12 col-sm-6 col-md-4\" data-aos=\"fade-up\" data-aos-delay=\"200\" data-aos-duration=\"700\">\n                                                                        <img decoding=\"async\" src=\"https:\/\/pactoeducativoglobal.fundacion-sm.org\/wp-content\/uploads\/sites\/11\/2023\/11\/ico-union.png\" srcset=\"https:\/\/pactoeducativoglobal.fundacion-sm.org\/wp-content\/uploads\/sites\/11\/2023\/11\/ico-union.png 240w, https:\/\/pactoeducativoglobal.fundacion-sm.org\/wp-content\/uploads\/sites\/11\/2023\/11\/ico-union-150x150.png 150w\" data-aos=\"flip-left\" data-aos-delay=\"300\" data-aos-duration=\"700\" class=\"icono \" alt=\"Icono representativo de uni\u00f3n.\">\n                                                                        <h3 class=\"subtitulos\">Uni\u00e3o<\/h3>\n                                    <div class=\"the_content\">\n                                        <p>O Pacto Educativo Global \u00e9 um convite para <strong>unir esfor\u00e7os<\/strong> para formar pessoas maduras, capazes de viver em sociedade e para a sociedade.<\/p>\n                                                                            <\/div>\n                                <\/li>\n                                                            <li class=\"list-group-item col-12 col-sm-6 col-md-4\" data-aos=\"fade-up\" data-aos-delay=\"300\" data-aos-duration=\"700\">\n                                                                        <img decoding=\"async\" src=\"https:\/\/pactoeducativoglobal.fundacion-sm.org\/wp-content\/uploads\/sites\/11\/2023\/11\/ico-renovacion.png\" srcset=\"https:\/\/pactoeducativoglobal.fundacion-sm.org\/wp-content\/uploads\/sites\/11\/2023\/11\/ico-renovacion.png 240w, https:\/\/pactoeducativoglobal.fundacion-sm.org\/wp-content\/uploads\/sites\/11\/2023\/11\/ico-renovacion-150x150.png 150w\" data-aos=\"flip-left\" data-aos-delay=\"400\" data-aos-duration=\"700\" class=\"icono \" alt=\"Icono representativo de renovaci\u00f3n.\">\n                                                                        <h3 class=\"subtitulos\">Renova\u00e7\u00e3o<\/h3>\n                                    <div class=\"the_content\">\n                                        <p>O Pacto Educativo Global \u00e9 um convite para <strong>renovar radicalmente a escola<\/strong>: \u201cempreender um processo de mudan\u00e7a, inspirado pela cultura do cuidado, pela ecologia integral, pela constru\u00e7\u00e3o da fraternidade e pela paz\u201d (Mons. Angelo Vincenzo Zani).<\/p>\n                                                                            <\/div>\n                                <\/li>\n                                                    <\/ul>\n                                <\/div>\n        <\/div>\n    <\/div>\n<\/section>\t\t\t\t<\/div>\n\t\t\t\t<\/div>\n\t\t\t\t<div class=\"elementor-element elementor-element-a129d59 elementor-widget elementor-widget-bloque-imagen-centrada\" data-id=\"a129d59\" data-element_type=\"widget\" data-widget_type=\"bloque-imagen-centrada.default\">\n\t\t\t\t<div class=\"elementor-widget-container\">\n\t\t\t\t\t<!-- Bloque contenidos: Imagen bloque-imagen-fullwidth -->\n<section class=\"bloque bloqueyxgidchehx bloque-imagen-fullwidth  \" data-aos=\"fade\" data-aos-delay=\"800\" data-aos-duration=\"1200\">\n    <div class=\"container\">\n                <div class=\"row justify-content-start\">\n            <div class=\"col-12 col-lg-8 offset-lg-3\">\n                            <\/div>\n        <\/div>\n   <\/div>\n        <div class=\"image\" data-aos=\"fade\" data-aos-delay=\"600\" data-aos-duration=\"800\" ><img decoding=\"async\" src=\"https:\/\/pactoeducativoglobal.fundacion-sm.org\/wp-content\/uploads\/sites\/11\/2023\/11\/imagen-pacto-educativo-global-ninos.jpg\" class=\"img-fluid \" alt=\"\"><\/div>\n      \n    <\/section>\t\t\t\t<\/div>\n\t\t\t\t<\/div>\n\t\t\t\t<div class=\"elementor-element elementor-element-ee13c22 elementor-widget elementor-widget-bloque-texto\" data-id=\"ee13c22\" data-element_type=\"widget\" data-widget_type=\"bloque-texto.default\">\n\t\t\t\t<div class=\"elementor-widget-container\">\n\t\t\t\t\t<!-- Texto -->\n<section class=\"bloque bloque-texto  mb-0\">\n    <div class=\"container\">\n        <div class=\"row justify-content-center\">\n            <div class=\"col-12 col-md-8\">\n                <h2 class=\"titulos text-center\" data-aos=\"fade-left\" data-aos-duration=\"700\">Compromissos para construir o Pacto<\/h2>                <div class=\"the_content\" data-aos=\"fade-up\" data-aos-duration=\"700\">\n                                    <\/div>\n            <\/div>\n        <\/div>\n    <\/div>\n<\/section>\t\t\t\t<\/div>\n\t\t\t\t<\/div>\n\t\t\t\t<div class=\"elementor-element elementor-element-4aa9182 elementor-widget elementor-widget-bloque-texto-imagen\" data-id=\"4aa9182\" data-element_type=\"widget\" data-widget_type=\"bloque-texto-imagen.default\">\n\t\t\t\t<div class=\"elementor-widget-container\">\n\t\t\t\t\t<!-- Texto + Imagen -->\n<section class=\"bloque bloque-texto-con-imagen izquierda  \">\n        <div class=\"container\">\n            <div class=\"row justify-content-center\">\n                <div class=\"col-12\">      \n                    <div class=\"background\">\n                        <div class=\"row align-items-center\">\n                            <div class=\"col-12 col-md-6 order-sm-1 align-self-center\">\n                                <figure class=\"figure\">\n                                    <div class=\"image\" data-aos=\"fade\" data-aos-delay=\"600\" data-aos-duration=\"800\"><img decoding=\"async\" src=\"https:\/\/pactoeducativoglobal.fundacion-sm.org\/wp-content\/uploads\/sites\/11\/2023\/11\/nino-con-cometa-400x400.jpg\" srcset=\"https:\/\/pactoeducativoglobal.fundacion-sm.org\/wp-content\/uploads\/sites\/11\/2023\/11\/nino-con-cometa.jpg 1190w, https:\/\/pactoeducativoglobal.fundacion-sm.org\/wp-content\/uploads\/sites\/11\/2023\/11\/nino-con-cometa-300x187.jpg 300w, https:\/\/pactoeducativoglobal.fundacion-sm.org\/wp-content\/uploads\/sites\/11\/2023\/11\/nino-con-cometa-1024x639.jpg 1024w, https:\/\/pactoeducativoglobal.fundacion-sm.org\/wp-content\/uploads\/sites\/11\/2023\/11\/nino-con-cometa-768x480.jpg 768w\" class=\"img-fluid\" alt=\"Ni\u00f1o de espaldas haciendo volar una cometa.\"><\/div>\n                                                                    <\/figure>\n                            <\/div>\n                            <div class=\"col-12 col-md-6 order-sm-2\">\n                                <h2 class=\"titulos\" data-aos=\"fade-left\" data-aos-duration=\"700\">Colocar a pessoa no centro<\/h2>                                <div class=\"the_content\" data-aos=\"fade-up\" data-aos-duration=\"700\"><ul>\n<li>Colocar a pessoa, seu valor, sua dignidade, sua singularidade e sua capacidade de se relacionar com os demais e com a realidade que a rodeia no centro do processo educacional.<\/li>\n<\/ul>\n<\/div>\n                            <\/div>\n                        <\/div>\n                    <\/div>\n                <\/div>\n            <\/div>\n        <\/div>\n    <\/section>\t\t\t\t<\/div>\n\t\t\t\t<\/div>\n\t\t\t\t<div class=\"elementor-element elementor-element-57b55e0 elementor-widget elementor-widget-bloque-texto-imagen\" data-id=\"57b55e0\" data-element_type=\"widget\" data-widget_type=\"bloque-texto-imagen.default\">\n\t\t\t\t<div class=\"elementor-widget-container\">\n\t\t\t\t\t<!-- Texto + Imagen -->\n<section class=\"bloque bloque-texto-con-imagen derecha  \">\n        <div class=\"container\">\n            <div class=\"row justify-content-center\">\n                <div class=\"col-12\">      \n                    <div class=\"background\">\n                        <div class=\"row align-items-center\">\n                            <div class=\"col-12 col-md-6 order-sm-2 align-self-center\">\n                                <figure class=\"figure\">\n                                    <div class=\"image\" data-aos=\"fade\" data-aos-delay=\"600\" data-aos-duration=\"800\"><img decoding=\"async\" src=\"https:\/\/pactoeducativoglobal.fundacion-sm.org\/wp-content\/uploads\/sites\/11\/2023\/11\/manos-equipo-400x400.jpg\" srcset=\"https:\/\/pactoeducativoglobal.fundacion-sm.org\/wp-content\/uploads\/sites\/11\/2023\/11\/manos-equipo.jpg 1190w, https:\/\/pactoeducativoglobal.fundacion-sm.org\/wp-content\/uploads\/sites\/11\/2023\/11\/manos-equipo-300x187.jpg 300w, https:\/\/pactoeducativoglobal.fundacion-sm.org\/wp-content\/uploads\/sites\/11\/2023\/11\/manos-equipo-1024x639.jpg 1024w, https:\/\/pactoeducativoglobal.fundacion-sm.org\/wp-content\/uploads\/sites\/11\/2023\/11\/manos-equipo-768x480.jpg 768w\" class=\"img-fluid\" alt=\"Primer plano de un grupo de ni\u00f1os juntando las manos.\"><\/div>\n                                                                    <\/figure>\n                            <\/div>\n                            <div class=\"col-12 col-md-6 order-sm-1\">\n                                <h2 class=\"titulos\" data-aos=\"fade-left\" data-aos-duration=\"700\">Crear v\u00ednculos, escutar o outro<\/h2>                                <div class=\"the_content\" data-aos=\"fade-up\" data-aos-duration=\"700\"><ul>\n<li>Ouvir a voz das crian\u00e7as, adolescentes e jovens para construir juntos um futuro de justi\u00e7a e de paz, uma vida digna para cada pessoa.<\/li>\n<li>Fomentar a plena participa\u00e7\u00e3o das meninas e das jovens na educa\u00e7\u00e3o.<\/li>\n<li>Ter a fam\u00edlia como a primeira e indispens\u00e1vel educadora.<\/li>\n<\/ul>\n<\/div>\n                            <\/div>\n                        <\/div>\n                    <\/div>\n                <\/div>\n            <\/div>\n        <\/div>\n    <\/section>\t\t\t\t<\/div>\n\t\t\t\t<\/div>\n\t\t\t\t<div class=\"elementor-element elementor-element-6c01b86 elementor-widget elementor-widget-bloque-texto-imagen\" data-id=\"6c01b86\" data-element_type=\"widget\" data-widget_type=\"bloque-texto-imagen.default\">\n\t\t\t\t<div class=\"elementor-widget-container\">\n\t\t\t\t\t<!-- Texto + Imagen -->\n<section class=\"bloque bloque-texto-con-imagen izquierda  \">\n        <div class=\"container\">\n            <div class=\"row justify-content-center\">\n                <div class=\"col-12\">      \n                    <div class=\"background\">\n                        <div class=\"row align-items-center\">\n                            <div class=\"col-12 col-md-6 order-sm-1 align-self-center\">\n                                <figure class=\"figure\">\n                                    <div class=\"image\" data-aos=\"fade\" data-aos-delay=\"600\" data-aos-duration=\"800\"><img decoding=\"async\" src=\"https:\/\/pactoeducativoglobal.fundacion-sm.org\/wp-content\/uploads\/sites\/11\/2023\/11\/ninas-escuela-400x400.jpg\" srcset=\"https:\/\/pactoeducativoglobal.fundacion-sm.org\/wp-content\/uploads\/sites\/11\/2023\/11\/ninas-escuela.jpg 1190w, https:\/\/pactoeducativoglobal.fundacion-sm.org\/wp-content\/uploads\/sites\/11\/2023\/11\/ninas-escuela-300x187.jpg 300w, https:\/\/pactoeducativoglobal.fundacion-sm.org\/wp-content\/uploads\/sites\/11\/2023\/11\/ninas-escuela-1024x639.jpg 1024w, https:\/\/pactoeducativoglobal.fundacion-sm.org\/wp-content\/uploads\/sites\/11\/2023\/11\/ninas-escuela-768x480.jpg 768w\" class=\"img-fluid\" alt=\"Fotograf\u00eda en primar plano de dos ni\u00f1as en la escuela.\"><\/div>\n                                                                    <\/figure>\n                            <\/div>\n                            <div class=\"col-12 col-md-6 order-sm-2\">\n                                <h2 class=\"titulos\" data-aos=\"fade-left\" data-aos-duration=\"700\">Envolver e nos envolver (\u00e9tica do cuidado)<\/h2>                                <div class=\"the_content\" data-aos=\"fade-up\" data-aos-duration=\"700\"><ul>\n<li>Educar e nos educar para acolher, abrindo-nos aos mais vulner\u00e1veis e marginalizados.<\/li>\n<li>Comprometer-nos a buscar outras formas de entender a economia, a pol\u00edtica, o crescimento e o progresso, que estejam a servi\u00e7o de todas as pessoas na perspectiva de uma ecologia integral.<\/li>\n<li>Salvaguardar e cultivar nossa Casa comum, protegendo-a da explora\u00e7\u00e3o excessiva de seus recursos e adotando estilos de vida mais austeros e respons\u00e1veis com as pr\u00f3ximas gera\u00e7\u00f5es.<\/li>\n<\/ul>\n<\/div>\n                            <\/div>\n                        <\/div>\n                    <\/div>\n                <\/div>\n            <\/div>\n        <\/div>\n    <\/section>\t\t\t\t<\/div>\n\t\t\t\t<\/div>\n\t\t\t\t<div class=\"elementor-element elementor-element-cb392b0 elementor-widget elementor-widget-bloque-desplegables\" data-id=\"cb392b0\" data-element_type=\"widget\" data-widget_type=\"bloque-desplegables.default\">\n\t\t\t\t<div class=\"elementor-widget-container\">\n\t\t\t\t\t<!-- Bloque contenidos: Desplegables -->\n<section class=\"bloque bloque-desplegable  \">\n    <div class=\"container\">\n        <div class=\"row justify-content-center\">\n            <div class=\"col-12 col-md-8\">\n        <h2 class=\"titulos text-center\" data-aos=\"fade\" data-aos-duration=\"700\">Vantagens de aderir ao Pacto Educativo Global<\/h2>        <div class=\"col-12\" data-aos=\"fade-up\" data-aos-duration=\"700\">\n            <!-- Acordeon -->\n                        <div class=\"accordion\" id=\"bloqueDesplegables-cwmfpovqedhjmayvw\">\n                                    <div class=\"accordion-item\">\n                        <h3 class=\"accordion-header\" id=\"bd-heading-vdykgbuqzd\">\n                            <button class=\"accordion-button collapsed\" type=\"button\" data-bs-toggle=\"collapse\" data-bs-target=\"#bd-collapse-vdykgbuqzd\" aria-expanded=\"true\" aria-controls=\"bd-collapse-vdykgbuqzd\">Fortalece o sentido da tarefa da escola no mundo atual<div class=\"icono\"><svg xmlns=\"http:\/\/www.w3.org\/2000\/svg\" viewBox=\"0 0 512 512\"><path d=\"M233.4 406.6c12.5 12.5 32.8 12.5 45.3 0l192-192c12.5-12.5 12.5-32.8 0-45.3s-32.8-12.5-45.3 0L256 338.7 86.6 169.4c-12.5-12.5-32.8-12.5-45.3 0s-12.5 32.8 0 45.3l192 192z\"\/><\/svg><\/div><\/button>\n                        <\/h3>\n                        <div id=\"bd-collapse-vdykgbuqzd\" class=\"accordion-collapse collapse\" aria-labelledby=\"bd-heading-vdykgbuqzd\" data-bs-parent=\"#bloqueDesplegables-cwmfpovqedhjmayvw\">\n                            <div class=\"accordion-body\">\n                                <div class=\"the_content\">\n                                    <p>Em todos os tempos, a tarefa da escola tem sido a de formar os alunos e as alunas para <strong>agirem de forma eficaz e significativa<\/strong> no mundo em que vivem.<\/p><p>Em um mundo de mudan\u00e7a vertiginosa como o atual, a escola permanece fiel \u00e0 sua miss\u00e3o e hoje <strong>procura formar cidad\u00e3os e cidad\u00e3s competentes, capazes de interagir com efic\u00e1cia em um mundo global, multicultural e digital,<\/strong> a partir do horizonte do Bem Comum e da constru\u00e7\u00e3o de sociedades fraternas, solid\u00e1rias e sustent\u00e1veis.<\/p>                                <\/div>\n                            <\/div>\n                        <\/div>\n                    <\/div>\n                                    <div class=\"accordion-item\">\n                        <h3 class=\"accordion-header\" id=\"bd-heading-ekdazhzebg\">\n                            <button class=\"accordion-button collapsed\" type=\"button\" data-bs-toggle=\"collapse\" data-bs-target=\"#bd-collapse-ekdazhzebg\" aria-expanded=\"true\" aria-controls=\"bd-collapse-ekdazhzebg\">Impulsiona o compromisso com a nova aldeia global educacional<div class=\"icono\"><svg xmlns=\"http:\/\/www.w3.org\/2000\/svg\" viewBox=\"0 0 512 512\"><path d=\"M233.4 406.6c12.5 12.5 32.8 12.5 45.3 0l192-192c12.5-12.5 12.5-32.8 0-45.3s-32.8-12.5-45.3 0L256 338.7 86.6 169.4c-12.5-12.5-32.8-12.5-45.3 0s-12.5 32.8 0 45.3l192 192z\"\/><\/svg><\/div><\/button>\n                        <\/h3>\n                        <div id=\"bd-collapse-ekdazhzebg\" class=\"accordion-collapse collapse\" aria-labelledby=\"bd-heading-ekdazhzebg\" data-bs-parent=\"#bloqueDesplegables-cwmfpovqedhjmayvw\">\n                            <div class=\"accordion-body\">\n                                <div class=\"the_content\">\n                                    <p>Aderir ao Pacto Educativo Global promovido pelo Papa Francisco <strong>significa se comprometer com uma nova aldeia global educacional<\/strong> que, colocando a pessoa no centro, transforma a escola para melhorar o mundo.<\/p>                                <\/div>\n                            <\/div>\n                        <\/div>\n                    <\/div>\n                                    <div class=\"accordion-item\">\n                        <h3 class=\"accordion-header\" id=\"bd-heading-gmzuyjnhao\">\n                            <button class=\"accordion-button collapsed\" type=\"button\" data-bs-toggle=\"collapse\" data-bs-target=\"#bd-collapse-gmzuyjnhao\" aria-expanded=\"true\" aria-controls=\"bd-collapse-gmzuyjnhao\">Refor\u00e7a os horizontes da escola<div class=\"icono\"><svg xmlns=\"http:\/\/www.w3.org\/2000\/svg\" viewBox=\"0 0 512 512\"><path d=\"M233.4 406.6c12.5 12.5 32.8 12.5 45.3 0l192-192c12.5-12.5 12.5-32.8 0-45.3s-32.8-12.5-45.3 0L256 338.7 86.6 169.4c-12.5-12.5-32.8-12.5-45.3 0s-12.5 32.8 0 45.3l192 192z\"\/><\/svg><\/div><\/button>\n                        <\/h3>\n                        <div id=\"bd-collapse-gmzuyjnhao\" class=\"accordion-collapse collapse\" aria-labelledby=\"bd-heading-gmzuyjnhao\" data-bs-parent=\"#bloqueDesplegables-cwmfpovqedhjmayvw\">\n                            <div class=\"accordion-body\">\n                                <div class=\"the_content\">\n                                    <p>No caso da Escola Cat\u00f3lica, esta ades\u00e3o ao Pacto <strong>refor\u00e7a os horizontes evangelizadores da escola<\/strong>, baseados na fraternidade, no esp\u00edrito de fam\u00edlia e na voca\u00e7\u00e3o de servi\u00e7o. Em outras palavras, o Pacto confere \u00e0 Escola Cat\u00f3lica uma perspectiva de sentido. Mas, al\u00e9m disso, <strong>o Pacto tamb\u00e9m traz uma vantagem competitiva<\/strong> que complementa e aumenta o escopo da perspectiva mencionada.<\/p>                                <\/div>\n                            <\/div>\n                        <\/div>\n                    <\/div>\n                                    <div class=\"accordion-item\">\n                        <h3 class=\"accordion-header\" id=\"bd-heading-ghwjbytutq\">\n                            <button class=\"accordion-button collapsed\" type=\"button\" data-bs-toggle=\"collapse\" data-bs-target=\"#bd-collapse-ghwjbytutq\" aria-expanded=\"true\" aria-controls=\"bd-collapse-ghwjbytutq\">Contribui em resposta aos tr\u00eas grandes desafios da Escola Cat\u00f3lica<div class=\"icono\"><svg xmlns=\"http:\/\/www.w3.org\/2000\/svg\" viewBox=\"0 0 512 512\"><path d=\"M233.4 406.6c12.5 12.5 32.8 12.5 45.3 0l192-192c12.5-12.5 12.5-32.8 0-45.3s-32.8-12.5-45.3 0L256 338.7 86.6 169.4c-12.5-12.5-32.8-12.5-45.3 0s-12.5 32.8 0 45.3l192 192z\"\/><\/svg><\/div><\/button>\n                        <\/h3>\n                        <div id=\"bd-collapse-ghwjbytutq\" class=\"accordion-collapse collapse\" aria-labelledby=\"bd-heading-ghwjbytutq\" data-bs-parent=\"#bloqueDesplegables-cwmfpovqedhjmayvw\">\n                            <div class=\"accordion-body\">\n                                <div class=\"the_content\">\n                                    <p><strong>Sustentabilidade<\/strong> e <strong>significado<\/strong>, ou efic\u00e1cia e sentido, n\u00e3o s\u00e3o discursos excludentes, mas que se refor\u00e7am mutuamente. Podemos resumir em tr\u00eas grandes desafios que a Escola Cat\u00f3lica enfrenta, que incluem sentido e efic\u00e1cia, mas tamb\u00e9m <strong>educa\u00e7\u00e3o inclusiva de qualidade<\/strong>, porque a Escola Cat\u00f3lica n\u00e3o pode deixar de ser uma escola:<\/p><p><img fetchpriority=\"high\" decoding=\"async\" class=\"alignnone wp-image-94 size-full\" src=\"https:\/\/pactoeducativoglobal.fundacion-sm.org\/wp-content\/uploads\/sites\/11\/2023\/11\/retos-de-la-escuela-catolica.png\" alt=\"Gr\u00e1fico de los retos de la Escuela Cat\u00f3lica (indicadores de \u00e9xito: Significatividad, Sostenibilidad y Educaci\u00f3n inclusiva de calidad).\" width=\"1140\" height=\"658\" srcset=\"https:\/\/pactoeducativoglobal.fundacion-sm.org\/wp-content\/uploads\/sites\/11\/2023\/11\/retos-de-la-escuela-catolica.png 1140w, https:\/\/pactoeducativoglobal.fundacion-sm.org\/wp-content\/uploads\/sites\/11\/2023\/11\/retos-de-la-escuela-catolica-300x173.png 300w, https:\/\/pactoeducativoglobal.fundacion-sm.org\/wp-content\/uploads\/sites\/11\/2023\/11\/retos-de-la-escuela-catolica-1024x591.png 1024w, https:\/\/pactoeducativoglobal.fundacion-sm.org\/wp-content\/uploads\/sites\/11\/2023\/11\/retos-de-la-escuela-catolica-768x443.png 768w\" sizes=\"(max-width: 1140px) 100vw, 1140px\" \/><\/p>                                <\/div>\n                            <\/div>\n                        <\/div>\n                    <\/div>\n                                    <div class=\"accordion-item\">\n                        <h3 class=\"accordion-header\" id=\"bd-heading-qcjjziupde\">\n                            <button class=\"accordion-button collapsed\" type=\"button\" data-bs-toggle=\"collapse\" data-bs-target=\"#bd-collapse-qcjjziupde\" aria-expanded=\"true\" aria-controls=\"bd-collapse-qcjjziupde\">Refor\u00e7a a resposta aos tr\u00eas grandes desafios<div class=\"icono\"><svg xmlns=\"http:\/\/www.w3.org\/2000\/svg\" viewBox=\"0 0 512 512\"><path d=\"M233.4 406.6c12.5 12.5 32.8 12.5 45.3 0l192-192c12.5-12.5 12.5-32.8 0-45.3s-32.8-12.5-45.3 0L256 338.7 86.6 169.4c-12.5-12.5-32.8-12.5-45.3 0s-12.5 32.8 0 45.3l192 192z\"\/><\/svg><\/div><\/button>\n                        <\/h3>\n                        <div id=\"bd-collapse-qcjjziupde\" class=\"accordion-collapse collapse\" aria-labelledby=\"bd-heading-qcjjziupde\" data-bs-parent=\"#bloqueDesplegables-cwmfpovqedhjmayvw\">\n                            <div class=\"accordion-body\">\n                                <div class=\"the_content\">\n                                    <p>Embora seja necess\u00e1rio trabalhar os tr\u00eas desafios simultaneamente, <strong>\u00e9 importante cuidar do foco da a\u00e7\u00e3o estrat\u00e9gica:<\/strong> n\u00e3o \u00e9 f\u00e1cil ser significativo se n\u00e3o formos sustent\u00e1veis, e n\u00e3o \u00e9 f\u00e1cil ser sustent\u00e1vel se n\u00e3o oferecermos educa\u00e7\u00e3o de qualidade. Portanto, <strong>\u00e9 necess\u00e1rio cuidar da qualidade e da excel\u00eancia educacional e humana<\/strong> para ter um impacto relevante nas fam\u00edlias e na sociedade.<\/p>                                <\/div>\n                            <\/div>\n                        <\/div>\n                    <\/div>\n                                    <div class=\"accordion-item\">\n                        <h3 class=\"accordion-header\" id=\"bd-heading-aydoqkafxi\">\n                            <button class=\"accordion-button collapsed\" type=\"button\" data-bs-toggle=\"collapse\" data-bs-target=\"#bd-collapse-aydoqkafxi\" aria-expanded=\"true\" aria-controls=\"bd-collapse-aydoqkafxi\">\u00c9 uma proposta que transcende<div class=\"icono\"><svg xmlns=\"http:\/\/www.w3.org\/2000\/svg\" viewBox=\"0 0 512 512\"><path d=\"M233.4 406.6c12.5 12.5 32.8 12.5 45.3 0l192-192c12.5-12.5 12.5-32.8 0-45.3s-32.8-12.5-45.3 0L256 338.7 86.6 169.4c-12.5-12.5-32.8-12.5-45.3 0s-12.5 32.8 0 45.3l192 192z\"\/><\/svg><\/div><\/button>\n                        <\/h3>\n                        <div id=\"bd-collapse-aydoqkafxi\" class=\"accordion-collapse collapse\" aria-labelledby=\"bd-heading-aydoqkafxi\" data-bs-parent=\"#bloqueDesplegables-cwmfpovqedhjmayvw\">\n                            <div class=\"accordion-body\">\n                                <div class=\"the_content\">\n                                    <ul><li><strong>Transcende a teoria e est\u00e1 orientada para a transforma\u00e7\u00e3o pr\u00e1tica das escolas,<\/strong> e em particular, da Escola Cat\u00f3lica. Vamos nos mexer?<\/li><li><strong>Traz dinamismo para abordar e resolver problemas urgentes<\/strong> e elevar o foco sobre o que \u00e9 importante. Confiamos ativamente?<\/li><li><strong>Transcende os muros de qualquer escola<\/strong> e de qualquer institui\u00e7\u00e3o, levando-nos al\u00e9m, a sair ao encontro de outros para caminhar juntos em projetos compartilhados. Vamos juntos?<\/li><li><strong>Em harmonia com as principais propostas educacionais atuais<\/strong> (OCDE, Incheon, ODS\u2026), mas com a motiva\u00e7\u00e3o radical do Evangelho, para realizar uma pedagogia samaritana. Voc\u00eas se aventuram?<\/li><li><strong>Precisa de companheiros de viagem adequados,<\/strong> com a mesma vis\u00e3o, a mesma miss\u00e3o e perspectiva, o mesmo grande projeto. Vamos caminhar juntos?<\/li><\/ul>                                <\/div>\n                            <\/div>\n                        <\/div>\n                    <\/div>\n                            <\/div>\n                        <!-- \/ -->\n            <\/div>\n        <\/div>\n    <\/div>\n<\/section>\t\t\t\t<\/div>\n\t\t\t\t<\/div>\n\t\t\t\t<div class=\"elementor-element elementor-element-7ff8265 elementor-widget elementor-widget-bloque-banner-destacado\" data-id=\"7ff8265\" data-element_type=\"widget\" data-widget_type=\"bloque-banner-destacado.default\">\n\t\t\t\t<div class=\"elementor-widget-container\">\n\t\t\t\t\t<!-- Banner destacado -->\n<section class=\"bloque bloque-banner-destacado \">\n    <div class=\"container\">\n        <div class=\"row justify-content-end align-items-start\" style=\"background-image:url(https:\/\/pactoeducativoglobal.fundacion-sm.org\/wp-content\/themes\/pactoeducativoglobal\/images\/contenidos\/contents-banner-destacado.jpg);\">\n            <div class=\"col-12 align-items-center d-flex\">\n                <div class=\"datos\">\n                    <h2 class=\"titulos\" data-aos=\"fade-left\" data-aos-duration=\"700\">Venha para o Pacto<\/h2>                    <div class=\"resumen\" data-aos=\"fade-left\" data-aos-duration=\"700\"><p>Gostaria de construir conosco o Pacto Educativo Global? Aqui voc\u00ea encontrar\u00e1 todos os <strong>materiais<\/strong> que precisam ser organizados em um <strong>itiner\u00e1rio<\/strong> para te ajudar no caminho da <strong>transforma\u00e7\u00e3o<\/strong>: da pessoa, da sociedade e da sua escola. Somos companheiros de viagem.<\/p><p><strong>Juntos cuidamos da educa\u00e7\u00e3o.<\/strong><\/p><\/div>\n                                                            <div data-aos=\"zoom-in\" data-aos-delay=\"500\" data-aos-duration=\"700\">\n                        <a href=\"https:\/\/pactoeducativoglobal.fundacion-sm.org\/pt-br\/itinerario-materiais-peg\/\" title=\"Veja itiner\u00e1rio e materiais\"  class=\"enlace btn btn-primary btn-arrow\">Veja itiner\u00e1rio e materiais<\/a>\n                    <\/div> \n                                    <\/div>\n            <\/div>\n        <\/div>\n    <\/div>\n<\/section>\t\t\t\t<\/div>\n\t\t\t\t<\/div>\n\t\t\t\t\t<\/div>\n\t\t<\/div>\n\t\t\t\t\t<\/div>\n\t\t<\/section>\n\t\t\t\t<\/div>\n\t\t","protected":false},"excerpt":{"rendered":"<p>Sobre o Pacto Educativo Global SM e o Pacto Educativo Global Itiner\u00e1rio e materiais Contato Espa\u00f1ol Inicio Sobre o Pacto Educativo Global Em setembro de 2019, o Papa Francisco fez um convite para aderir a um \u201cPacto Educativo Global\u201d (PEG), uma ampla alian\u00e7a educacional para \u201cformar pessoas maduras, capazes de superar fragmenta\u00e7\u00f5es e contraposi\u00e7\u00f5es e [&hellip;]<\/p>\n","protected":false},"author":2,"featured_media":497,"parent":0,"menu_order":1,"comment_status":"closed","ping_status":"closed","template":"","meta":{"_acf_changed":false,"footnotes":""},"class_list":["post-994","page","type-page","status-publish","has-post-thumbnail","hentry"],"acf":[],"yoast_head":"<!-- This site is optimized with the Yoast SEO plugin v26.7 - https:\/\/yoast.com\/wordpress\/plugins\/seo\/ -->\n<title>Sobre o Pacto Educativo Global - Pacto Educativo Global<\/title>\n<meta name=\"description\" content=\"Para a SM, o Pacto Educativo Global \u00e9 um caminho privilegiado para cuidar da escola. E um caminho que n\u00e3o podemos percorrer sozinhos, mas com outros, juntos. Porque Juntos cuidamos da educa\u00e7\u00e3o. Fazemos um Pacto?\" \/>\n<meta name=\"robots\" content=\"index, follow, max-snippet:-1, max-image-preview:large, max-video-preview:-1\" \/>\n<link rel=\"canonical\" href=\"https:\/\/pactoeducativoglobal.fundacion-sm.org\/pt-br\/sobre-o-pacto-educativo-global\/\" \/>\n<meta property=\"og:locale\" content=\"pt_BR\" \/>\n<meta property=\"og:type\" content=\"article\" \/>\n<meta property=\"og:title\" content=\"Sobre o Pacto Educativo Global - Pacto Educativo Global\" \/>\n<meta property=\"og:description\" content=\"Para a SM, o Pacto Educativo Global \u00e9 um caminho privilegiado para cuidar da escola. E um caminho que n\u00e3o podemos percorrer sozinhos, mas com outros, juntos. Porque Juntos cuidamos da educa\u00e7\u00e3o. Fazemos um Pacto?\" \/>\n<meta property=\"og:url\" content=\"https:\/\/pactoeducativoglobal.fundacion-sm.org\/pt-br\/sobre-o-pacto-educativo-global\/\" \/>\n<meta property=\"og:site_name\" content=\"Pacto Educativo Global\" \/>\n<meta property=\"article:modified_time\" content=\"2024-02-21T15:42:34+00:00\" \/>\n<meta property=\"og:image\" content=\"https:\/\/pactoeducativoglobal.fundacion-sm.org\/wp-content\/uploads\/sites\/11\/2023\/11\/imagen-generica-cuadrada.png\" \/>\n\t<meta property=\"og:image:width\" content=\"768\" \/>\n\t<meta property=\"og:image:height\" content=\"768\" \/>\n\t<meta property=\"og:image:type\" content=\"image\/png\" \/>\n<meta name=\"twitter:card\" content=\"summary_large_image\" \/>\n<script type=\"application\/ld+json\" class=\"yoast-schema-graph\">{\"@context\":\"https:\/\/schema.org\",\"@graph\":[{\"@type\":\"WebPage\",\"@id\":\"https:\/\/pactoeducativoglobal.fundacion-sm.org\/pt-br\/sobre-o-pacto-educativo-global\/\",\"url\":\"https:\/\/pactoeducativoglobal.fundacion-sm.org\/pt-br\/sobre-o-pacto-educativo-global\/\",\"name\":\"Sobre o Pacto Educativo Global - Pacto Educativo Global\",\"isPartOf\":{\"@id\":\"https:\/\/pactoeducativoglobal.fundacion-sm.org\/pt-br\/#website\"},\"primaryImageOfPage\":{\"@id\":\"https:\/\/pactoeducativoglobal.fundacion-sm.org\/pt-br\/sobre-o-pacto-educativo-global\/#primaryimage\"},\"image\":{\"@id\":\"https:\/\/pactoeducativoglobal.fundacion-sm.org\/pt-br\/sobre-o-pacto-educativo-global\/#primaryimage\"},\"thumbnailUrl\":\"https:\/\/pactoeducativoglobal.fundacion-sm.org\/wp-content\/uploads\/sites\/11\/2023\/11\/imagen-generica-cuadrada.png\",\"datePublished\":\"2023-04-17T09:44:37+00:00\",\"dateModified\":\"2024-02-21T15:42:34+00:00\",\"description\":\"Para a SM, o Pacto Educativo Global \u00e9 um caminho privilegiado para cuidar da escola. E um caminho que n\u00e3o podemos percorrer sozinhos, mas com outros, juntos. Porque Juntos cuidamos da educa\u00e7\u00e3o. Fazemos um Pacto?\",\"breadcrumb\":{\"@id\":\"https:\/\/pactoeducativoglobal.fundacion-sm.org\/pt-br\/sobre-o-pacto-educativo-global\/#breadcrumb\"},\"inLanguage\":\"pt-BR\",\"potentialAction\":[{\"@type\":\"ReadAction\",\"target\":[\"https:\/\/pactoeducativoglobal.fundacion-sm.org\/pt-br\/sobre-o-pacto-educativo-global\/\"]}]},{\"@type\":\"ImageObject\",\"inLanguage\":\"pt-BR\",\"@id\":\"https:\/\/pactoeducativoglobal.fundacion-sm.org\/pt-br\/sobre-o-pacto-educativo-global\/#primaryimage\",\"url\":\"https:\/\/pactoeducativoglobal.fundacion-sm.org\/wp-content\/uploads\/sites\/11\/2023\/11\/imagen-generica-cuadrada.png\",\"contentUrl\":\"https:\/\/pactoeducativoglobal.fundacion-sm.org\/wp-content\/uploads\/sites\/11\/2023\/11\/imagen-generica-cuadrada.png\",\"width\":768,\"height\":768},{\"@type\":\"BreadcrumbList\",\"@id\":\"https:\/\/pactoeducativoglobal.fundacion-sm.org\/pt-br\/sobre-o-pacto-educativo-global\/#breadcrumb\",\"itemListElement\":[{\"@type\":\"ListItem\",\"position\":1,\"name\":\"Inicio\",\"item\":\"https:\/\/pactoeducativoglobal.fundacion-sm.org\/pt-br\/\"},{\"@type\":\"ListItem\",\"position\":2,\"name\":\"Sobre o Pacto Educativo Global\"}]},{\"@type\":\"WebSite\",\"@id\":\"https:\/\/pactoeducativoglobal.fundacion-sm.org\/pt-br\/#website\",\"url\":\"https:\/\/pactoeducativoglobal.fundacion-sm.org\/pt-br\/\",\"name\":\"Pacto Educativo Global\",\"description\":\"\",\"publisher\":{\"@id\":\"https:\/\/pactoeducativoglobal.fundacion-sm.org\/pt-br\/#organization\"},\"potentialAction\":[{\"@type\":\"SearchAction\",\"target\":{\"@type\":\"EntryPoint\",\"urlTemplate\":\"https:\/\/pactoeducativoglobal.fundacion-sm.org\/pt-br\/?s={search_term_string}\"},\"query-input\":{\"@type\":\"PropertyValueSpecification\",\"valueRequired\":true,\"valueName\":\"search_term_string\"}}],\"inLanguage\":\"pt-BR\"},{\"@type\":\"Organization\",\"@id\":\"https:\/\/pactoeducativoglobal.fundacion-sm.org\/pt-br\/#organization\",\"name\":\"Pacto Educativo Global\",\"url\":\"https:\/\/pactoeducativoglobal.fundacion-sm.org\/pt-br\/\",\"logo\":{\"@type\":\"ImageObject\",\"inLanguage\":\"pt-BR\",\"@id\":\"https:\/\/pactoeducativoglobal.fundacion-sm.org\/pt-br\/#\/schema\/logo\/image\/\",\"url\":\"https:\/\/pactoeducativoglobal.fundacion-sm.org\/wp-content\/uploads\/sites\/11\/2023\/11\/logotipo.svg\",\"contentUrl\":\"https:\/\/pactoeducativoglobal.fundacion-sm.org\/wp-content\/uploads\/sites\/11\/2023\/11\/logotipo.svg\",\"caption\":\"Pacto Educativo Global\"},\"image\":{\"@id\":\"https:\/\/pactoeducativoglobal.fundacion-sm.org\/pt-br\/#\/schema\/logo\/image\/\"}}]}<\/script>\n<!-- \/ Yoast SEO plugin. -->","yoast_head_json":{"title":"Sobre o Pacto Educativo Global - Pacto Educativo Global","description":"Para a SM, o Pacto Educativo Global \u00e9 um caminho privilegiado para cuidar da escola. E um caminho que n\u00e3o podemos percorrer sozinhos, mas com outros, juntos. Porque Juntos cuidamos da educa\u00e7\u00e3o. Fazemos um Pacto?","robots":{"index":"index","follow":"follow","max-snippet":"max-snippet:-1","max-image-preview":"max-image-preview:large","max-video-preview":"max-video-preview:-1"},"canonical":"https:\/\/pactoeducativoglobal.fundacion-sm.org\/pt-br\/sobre-o-pacto-educativo-global\/","og_locale":"pt_BR","og_type":"article","og_title":"Sobre o Pacto Educativo Global - Pacto Educativo Global","og_description":"Para a SM, o Pacto Educativo Global \u00e9 um caminho privilegiado para cuidar da escola. E um caminho que n\u00e3o podemos percorrer sozinhos, mas com outros, juntos. Porque Juntos cuidamos da educa\u00e7\u00e3o. Fazemos um Pacto?","og_url":"https:\/\/pactoeducativoglobal.fundacion-sm.org\/pt-br\/sobre-o-pacto-educativo-global\/","og_site_name":"Pacto Educativo Global","article_modified_time":"2024-02-21T15:42:34+00:00","og_image":[{"width":768,"height":768,"url":"https:\/\/pactoeducativoglobal.fundacion-sm.org\/wp-content\/uploads\/sites\/11\/2023\/11\/imagen-generica-cuadrada.png","type":"image\/png"}],"twitter_card":"summary_large_image","schema":{"@context":"https:\/\/schema.org","@graph":[{"@type":"WebPage","@id":"https:\/\/pactoeducativoglobal.fundacion-sm.org\/pt-br\/sobre-o-pacto-educativo-global\/","url":"https:\/\/pactoeducativoglobal.fundacion-sm.org\/pt-br\/sobre-o-pacto-educativo-global\/","name":"Sobre o Pacto Educativo Global - Pacto Educativo Global","isPartOf":{"@id":"https:\/\/pactoeducativoglobal.fundacion-sm.org\/pt-br\/#website"},"primaryImageOfPage":{"@id":"https:\/\/pactoeducativoglobal.fundacion-sm.org\/pt-br\/sobre-o-pacto-educativo-global\/#primaryimage"},"image":{"@id":"https:\/\/pactoeducativoglobal.fundacion-sm.org\/pt-br\/sobre-o-pacto-educativo-global\/#primaryimage"},"thumbnailUrl":"https:\/\/pactoeducativoglobal.fundacion-sm.org\/wp-content\/uploads\/sites\/11\/2023\/11\/imagen-generica-cuadrada.png","datePublished":"2023-04-17T09:44:37+00:00","dateModified":"2024-02-21T15:42:34+00:00","description":"Para a SM, o Pacto Educativo Global \u00e9 um caminho privilegiado para cuidar da escola. E um caminho que n\u00e3o podemos percorrer sozinhos, mas com outros, juntos. Porque Juntos cuidamos da educa\u00e7\u00e3o. Fazemos um Pacto?","breadcrumb":{"@id":"https:\/\/pactoeducativoglobal.fundacion-sm.org\/pt-br\/sobre-o-pacto-educativo-global\/#breadcrumb"},"inLanguage":"pt-BR","potentialAction":[{"@type":"ReadAction","target":["https:\/\/pactoeducativoglobal.fundacion-sm.org\/pt-br\/sobre-o-pacto-educativo-global\/"]}]},{"@type":"ImageObject","inLanguage":"pt-BR","@id":"https:\/\/pactoeducativoglobal.fundacion-sm.org\/pt-br\/sobre-o-pacto-educativo-global\/#primaryimage","url":"https:\/\/pactoeducativoglobal.fundacion-sm.org\/wp-content\/uploads\/sites\/11\/2023\/11\/imagen-generica-cuadrada.png","contentUrl":"https:\/\/pactoeducativoglobal.fundacion-sm.org\/wp-content\/uploads\/sites\/11\/2023\/11\/imagen-generica-cuadrada.png","width":768,"height":768},{"@type":"BreadcrumbList","@id":"https:\/\/pactoeducativoglobal.fundacion-sm.org\/pt-br\/sobre-o-pacto-educativo-global\/#breadcrumb","itemListElement":[{"@type":"ListItem","position":1,"name":"Inicio","item":"https:\/\/pactoeducativoglobal.fundacion-sm.org\/pt-br\/"},{"@type":"ListItem","position":2,"name":"Sobre o Pacto Educativo Global"}]},{"@type":"WebSite","@id":"https:\/\/pactoeducativoglobal.fundacion-sm.org\/pt-br\/#website","url":"https:\/\/pactoeducativoglobal.fundacion-sm.org\/pt-br\/","name":"Pacto Educativo Global","description":"","publisher":{"@id":"https:\/\/pactoeducativoglobal.fundacion-sm.org\/pt-br\/#organization"},"potentialAction":[{"@type":"SearchAction","target":{"@type":"EntryPoint","urlTemplate":"https:\/\/pactoeducativoglobal.fundacion-sm.org\/pt-br\/?s={search_term_string}"},"query-input":{"@type":"PropertyValueSpecification","valueRequired":true,"valueName":"search_term_string"}}],"inLanguage":"pt-BR"},{"@type":"Organization","@id":"https:\/\/pactoeducativoglobal.fundacion-sm.org\/pt-br\/#organization","name":"Pacto Educativo Global","url":"https:\/\/pactoeducativoglobal.fundacion-sm.org\/pt-br\/","logo":{"@type":"ImageObject","inLanguage":"pt-BR","@id":"https:\/\/pactoeducativoglobal.fundacion-sm.org\/pt-br\/#\/schema\/logo\/image\/","url":"https:\/\/pactoeducativoglobal.fundacion-sm.org\/wp-content\/uploads\/sites\/11\/2023\/11\/logotipo.svg","contentUrl":"https:\/\/pactoeducativoglobal.fundacion-sm.org\/wp-content\/uploads\/sites\/11\/2023\/11\/logotipo.svg","caption":"Pacto Educativo Global"},"image":{"@id":"https:\/\/pactoeducativoglobal.fundacion-sm.org\/pt-br\/#\/schema\/logo\/image\/"}}]}},"_links":{"self":[{"href":"https:\/\/pactoeducativoglobal.fundacion-sm.org\/pt-br\/wp-json\/wp\/v2\/pages\/994","targetHints":{"allow":["GET"]}}],"collection":[{"href":"https:\/\/pactoeducativoglobal.fundacion-sm.org\/pt-br\/wp-json\/wp\/v2\/pages"}],"about":[{"href":"https:\/\/pactoeducativoglobal.fundacion-sm.org\/pt-br\/wp-json\/wp\/v2\/types\/page"}],"author":[{"embeddable":true,"href":"https:\/\/pactoeducativoglobal.fundacion-sm.org\/pt-br\/wp-json\/wp\/v2\/users\/2"}],"replies":[{"embeddable":true,"href":"https:\/\/pactoeducativoglobal.fundacion-sm.org\/pt-br\/wp-json\/wp\/v2\/comments?post=994"}],"version-history":[{"count":22,"href":"https:\/\/pactoeducativoglobal.fundacion-sm.org\/pt-br\/wp-json\/wp\/v2\/pages\/994\/revisions"}],"predecessor-version":[{"id":1079,"href":"https:\/\/pactoeducativoglobal.fundacion-sm.org\/pt-br\/wp-json\/wp\/v2\/pages\/994\/revisions\/1079"}],"wp:featuredmedia":[{"embeddable":true,"href":"https:\/\/pactoeducativoglobal.fundacion-sm.org\/pt-br\/wp-json\/wp\/v2\/media\/497"}],"wp:attachment":[{"href":"https:\/\/pactoeducativoglobal.fundacion-sm.org\/pt-br\/wp-json\/wp\/v2\/media?parent=994"}],"curies":[{"name":"wp","href":"https:\/\/api.w.org\/{rel}","templated":true}]}}